{"id":1740,"date":"2026-03-16T15:30:42","date_gmt":"2026-03-16T15:30:42","guid":{"rendered":"https:\/\/vhaji.cz\/?post_type=tribe_events&#038;p=1740"},"modified":"2026-03-23T14:28:16","modified_gmt":"2026-03-23T14:28:16","slug":"na-vlne-dechu-a-rytmu","status":"publish","type":"tribe_events","link":"https:\/\/vhaji.cz\/en\/event\/na-vlne-dechu-a-rytmu\/","title":{"rendered":"Na vln\u011b dechu a rytmu"},"content":{"rendered":"<p data-start=\"288\" data-end=\"328\"><strong data-start=\"288\" data-end=\"326\">Holotropn\u00ed d\u00fdch\u00e1n\u00ed za doprovodu \u017eiv\u00e9 hudby<\/strong><\/p>\n<p data-start=\"330\" data-end=\"471\"><strong data-start=\"330\" data-end=\"343\">\u00a0Datum:<\/strong> 3. dubna 2026<br data-start=\"357\" data-end=\"360\" \/><strong data-start=\"360\" data-end=\"370\">\u00a0\u010cas:<\/strong> 11:00 \u2013 14:00<br data-start=\"384\" data-end=\"387\" \/><strong data-start=\"387\" data-end=\"400\">\u00a0M\u00edsto:<\/strong> V h\u00e1ji<br data-start=\"407\" data-end=\"410\" \/><strong data-start=\"410\" data-end=\"426\">\u00a0Kapacita:<\/strong> 10\u201312 osob<br data-start=\"437\" data-end=\"440\" \/><strong data-start=\"440\" data-end=\"452\">\u00a0Cena:<\/strong> 2 500 K\u010d \/ osoba<\/p>\n<p data-start=\"330\" data-end=\"471\">\ud83d\udd25<strong data-start=\"380\" data-end=\"398\">Early Bird cena:<\/strong> <strong data-start=\"399\" data-end=\"411\">2 000 K\u010d<\/strong> p\u0159i p\u0159ihl\u00e1\u0161en\u00ed do <strong data-start=\"430\" data-end=\"439\">25.3.\ud83d\udd25<\/strong><\/p>\n<p data-start=\"493\" data-end=\"770\"><strong>O ud\u00e1losti<\/strong><br \/>\n90 minutov\u00e9 intenzivn\u00ed setk\u00e1n\u00ed inspirovan\u00e9 metodou holotropn\u00edho d\u00fdch\u00e1n\u00ed.<br \/>\nPomoc\u00ed v\u011bdom\u00e9ho dechu a \u017eiv\u00e9 hudby se vytv\u00e1\u0159\u00ed prostor pro uvoln\u011bn\u00ed nap\u011bt\u00ed, pr\u00e1ci s emocemi a hlub\u0161\u00ed kontakt se sebou sam\u00fdm.<br \/>\nMal\u00e1 skupina zaji\u0161\u0165uje bezpe\u010dn\u00e9 veden\u00ed a individu\u00e1ln\u00ed p\u0159\u00edstup.<\/p>\n<p><strong>Pr\u016fb\u011bh akce<\/strong><\/p>\n<ul>\n<li>\u00davod a sezn\u00e1men\u00ed s technikou d\u00fdch\u00e1n\u00ed<\/li>\n<li>Veden\u00e1 dechov\u00e1 praxe<\/li>\n<li>\u017div\u00fd hudebn\u00ed doprovod b\u011bhem d\u00fdch\u00e1n\u00ed<\/li>\n<li>Z\u00e1v\u011bre\u010dn\u00e9 zklidn\u011bn\u00ed<\/li>\n<\/ul>\n<p>D\u00e9lka programu: cca 90 minut<\/p>\n<p><strong>Pr\u016fvodce<\/strong><br \/>\nPavel v\u00e1s bezpe\u010dn\u011b provede cel\u00fdm procesem a vytvo\u0159\u00ed prostor pro hlubok\u00fd a autentick\u00fd pro\u017eitek.<\/p>\n<p><strong>\u017div\u00e1 hudba<\/strong><br \/>\nShivanam <span style=\"color: #808080;\">(<span style=\"color: #99ccff;\"><a style=\"color: #99ccff;\" href=\"http:\/\/en.shivanam.cz\">en.shivanam.cz<\/a><\/span>)<\/span> \u2013 zku\u0161en\u00ed hudebn\u00edci, kte\u0159\u00ed doprov\u00e1z\u00ed cel\u00fd workshop \u017eivou hudbou.<br data-start=\"290\" data-end=\"293\" \/>Jejich rytmy a meditativn\u00ed zvuky podporuj\u00ed dechovou praxi a pom\u00e1haj\u00ed se v\u00edce pono\u0159it do z\u00e1\u017eitku.<\/p>\n<p><strong>QR k\u00f3d na zaplacen\u00ed:<\/strong><\/p>\n<p><img fetchpriority=\"high\" decoding=\"async\" class=\"alignnone size-medium wp-image-1754\" src=\"https:\/\/vhaji.cz\/wp-content\/uploads\/2026\/03\/qr-2000--300x300.png\" alt=\"\" width=\"300\" height=\"300\" srcset=\"https:\/\/vhaji.cz\/wp-content\/uploads\/2026\/03\/qr-2000--300x300.png 300w, https:\/\/vhaji.cz\/wp-content\/uploads\/2026\/03\/qr-2000--150x150.png 150w, https:\/\/vhaji.cz\/wp-content\/uploads\/2026\/03\/qr-2000--12x12.png 12w, https:\/\/vhaji.cz\/wp-content\/uploads\/2026\/03\/qr-2000-.png 400w\" sizes=\"(max-width: 300px) 100vw, 300px\" \/><\/p>\n<div style=\"width: 1920px;\" class=\"wp-video\"><video class=\"wp-video-shortcode\" id=\"video-1740-1\" width=\"1920\" height=\"1080\" preload=\"metadata\" controls=\"controls\"><source type=\"video\/mp4\" src=\"https:\/\/vhaji.cz\/wp-content\/uploads\/2026\/03\/YTDown.com_YouTube_Shivanam-World-Of-Fungi_Media_l0fgah5NsBI_001_1080p.mp4?_=1\" \/><a href=\"https:\/\/vhaji.cz\/wp-content\/uploads\/2026\/03\/YTDown.com_YouTube_Shivanam-World-Of-Fungi_Media_l0fgah5NsBI_001_1080p.mp4\">https:\/\/vhaji.cz\/wp-content\/uploads\/2026\/03\/YTDown.com_YouTube_Shivanam-World-Of-Fungi_Media_l0fgah5NsBI_001_1080p.mp4<\/a><\/video><\/div>\n<p>&nbsp;<\/p>","protected":false},"excerpt":{"rendered":"<p>Za\u017eijte holotropn\u00ed d\u00fdch\u00e1n\u00ed za doprovodu \u017eiv\u00e9 hudby. Intenzivn\u00ed t\u0159\u00edhodinov\u00e9 setk\u00e1n\u00ed pro uvoln\u011bn\u00ed nap\u011bt\u00ed, pr\u00e1ci s emocemi a hlub\u0161\u00ed kontakt se sebou sam\u00fdm.<\/p>","protected":false},"author":1,"featured_media":1741,"template":"","meta":{"_acf_changed":false,"_price":"","_stock":"","_tribe_ticket_header":"","_tribe_default_ticket_provider":"TEC\\Tickets\\Commerce\\Module","_tribe_ticket_capacity":"0","_ticket_start_date":"","_ticket_end_date":"","_tribe_ticket_show_description":"","_tribe_ticket_show_not_going":false,"_tribe_ticket_use_global_stock":"","_tribe_ticket_global_stock_level":"","_global_stock_mode":"","_global_stock_cap":"","_tribe_rsvp_for_event":"","_tribe_ticket_going_count":"","_tribe_ticket_not_going_count":"","_tribe_tickets_list":"[]","_tribe_ticket_has_attendee_info_fields":false,"_tribe_events_status":"","_tribe_events_status_reason":"","footnotes":"","_tec_slr_enabled":"","_tec_slr_layout":""},"tags":[],"tribe_events_cat":[],"class_list":["post-1740","tribe_events","type-tribe_events","status-publish","has-post-thumbnail","hentry"],"acf":[],"yoast_head":"<!-- This site is optimized with the Yoast SEO plugin v27.5 - https:\/\/yoast.com\/product\/yoast-seo-wordpress\/ -->\n<title>Na vln\u011b dechu a rytmu - Lesn\u00ed sauna H\u00e1j<\/title>\n<meta name=\"description\" content=\"Za\u017eijte holotropn\u00ed d\u00fdch\u00e1n\u00ed za doprovodu \u017eiv\u00e9 hudby. Intenzivn\u00ed t\u0159\u00edhodinov\u00e9 setk\u00e1n\u00ed pro uvoln\u011bn\u00ed nap\u011bt\u00ed, pr\u00e1ci s emocemi a hlub\u0161\u00ed kontakt se sebou sam\u00fdm.\" \/>\n<meta name=\"robots\" content=\"index, follow, max-snippet:-1, max-image-preview:large, max-video-preview:-1\" \/>\n<link rel=\"canonical\" href=\"https:\/\/vhaji.cz\/en\/event\/na-vlne-dechu-a-rytmu\/\" \/>\n<meta property=\"og:locale\" content=\"en_GB\" \/>\n<meta property=\"og:type\" content=\"article\" \/>\n<meta property=\"og:title\" content=\"Na vln\u011b dechu a rytmu - Lesn\u00ed sauna H\u00e1j\" \/>\n<meta property=\"og:description\" content=\"Za\u017eijte holotropn\u00ed d\u00fdch\u00e1n\u00ed za doprovodu \u017eiv\u00e9 hudby. Intenzivn\u00ed t\u0159\u00edhodinov\u00e9 setk\u00e1n\u00ed pro uvoln\u011bn\u00ed nap\u011bt\u00ed, pr\u00e1ci s emocemi a hlub\u0161\u00ed kontakt se sebou sam\u00fdm.\" \/>\n<meta property=\"og:url\" content=\"https:\/\/vhaji.cz\/en\/event\/na-vlne-dechu-a-rytmu\/\" \/>\n<meta property=\"og:site_name\" content=\"Lesn\u00ed sauna H\u00e1j\" \/>\n<meta property=\"article:modified_time\" content=\"2026-03-23T14:28:16+00:00\" \/>\n<meta property=\"og:image\" content=\"https:\/\/vhaji.cz\/wp-content\/uploads\/2026\/03\/1016294_500203896734463_1335876123_nn.jpg\" \/>\n\t<meta property=\"og:image:width\" content=\"960\" \/>\n\t<meta property=\"og:image:height\" content=\"540\" \/>\n\t<meta property=\"og:image:type\" content=\"image\/jpeg\" \/>\n<meta name=\"twitter:card\" content=\"summary_large_image\" \/>\n<meta name=\"twitter:label1\" content=\"Estimated reading time\" \/>\n\t<meta name=\"twitter:data1\" content=\"2 minutes\" \/>\n<script type=\"application\/ld+json\" class=\"yoast-schema-graph\">{\"@context\":\"https:\\\/\\\/schema.org\",\"@graph\":[{\"@type\":\"WebPage\",\"@id\":\"https:\\\/\\\/vhaji.cz\\\/event\\\/na-vlne-dechu-a-rytmu\\\/\",\"url\":\"https:\\\/\\\/vhaji.cz\\\/event\\\/na-vlne-dechu-a-rytmu\\\/\",\"name\":\"Na vln\u011b dechu a rytmu - Lesn\u00ed sauna H\u00e1j\",\"isPartOf\":{\"@id\":\"https:\\\/\\\/vhaji.cz\\\/#website\"},\"primaryImageOfPage\":{\"@id\":\"https:\\\/\\\/vhaji.cz\\\/event\\\/na-vlne-dechu-a-rytmu\\\/#primaryimage\"},\"image\":{\"@id\":\"https:\\\/\\\/vhaji.cz\\\/event\\\/na-vlne-dechu-a-rytmu\\\/#primaryimage\"},\"thumbnailUrl\":\"https:\\\/\\\/vhaji.cz\\\/wp-content\\\/uploads\\\/2026\\\/03\\\/1016294_500203896734463_1335876123_nn.jpg\",\"datePublished\":\"2026-03-16T15:30:42+00:00\",\"dateModified\":\"2026-03-23T14:28:16+00:00\",\"description\":\"Za\u017eijte holotropn\u00ed d\u00fdch\u00e1n\u00ed za doprovodu \u017eiv\u00e9 hudby. Intenzivn\u00ed t\u0159\u00edhodinov\u00e9 setk\u00e1n\u00ed pro uvoln\u011bn\u00ed nap\u011bt\u00ed, pr\u00e1ci s emocemi a hlub\u0161\u00ed kontakt se sebou sam\u00fdm.\",\"breadcrumb\":{\"@id\":\"https:\\\/\\\/vhaji.cz\\\/event\\\/na-vlne-dechu-a-rytmu\\\/#breadcrumb\"},\"inLanguage\":\"en-GB\",\"potentialAction\":[{\"@type\":\"ReadAction\",\"target\":[\"https:\\\/\\\/vhaji.cz\\\/event\\\/na-vlne-dechu-a-rytmu\\\/\"]}]},{\"@type\":\"ImageObject\",\"inLanguage\":\"en-GB\",\"@id\":\"https:\\\/\\\/vhaji.cz\\\/event\\\/na-vlne-dechu-a-rytmu\\\/#primaryimage\",\"url\":\"https:\\\/\\\/vhaji.cz\\\/wp-content\\\/uploads\\\/2026\\\/03\\\/1016294_500203896734463_1335876123_nn.jpg\",\"contentUrl\":\"https:\\\/\\\/vhaji.cz\\\/wp-content\\\/uploads\\\/2026\\\/03\\\/1016294_500203896734463_1335876123_nn.jpg\",\"width\":960,\"height\":540},{\"@type\":\"BreadcrumbList\",\"@id\":\"https:\\\/\\\/vhaji.cz\\\/event\\\/na-vlne-dechu-a-rytmu\\\/#breadcrumb\",\"itemListElement\":[{\"@type\":\"ListItem\",\"position\":1,\"name\":\"Dom\u016f\",\"item\":\"https:\\\/\\\/vhaji.cz\\\/\"},{\"@type\":\"ListItem\",\"position\":2,\"name\":\"Akce\",\"item\":\"https:\\\/\\\/vhaji.cz\\\/events\\\/\"},{\"@type\":\"ListItem\",\"position\":3,\"name\":\"Na vln\u011b dechu a rytmu\"}]},{\"@type\":\"WebSite\",\"@id\":\"https:\\\/\\\/vhaji.cz\\\/#website\",\"url\":\"https:\\\/\\\/vhaji.cz\\\/\",\"name\":\"Lesn\u00ed sauna H\u00e1j\",\"description\":\"Nab\u00edz\u00edme p\u0159\u00edrodn\u00ed saunov\u00e1n\u00ed v sudov\u00e9 saun\u011b vyt\u00e1p\u011bn\u00e9 d\u0159evem, kter\u00e1 v\u00e1s pohlt\u00ed spolu se zvuky p\u0159\u00edrody.\",\"publisher\":{\"@id\":\"https:\\\/\\\/vhaji.cz\\\/#organization\"},\"potentialAction\":[{\"@type\":\"SearchAction\",\"target\":{\"@type\":\"EntryPoint\",\"urlTemplate\":\"https:\\\/\\\/vhaji.cz\\\/?s={search_term_string}\"},\"query-input\":{\"@type\":\"PropertyValueSpecification\",\"valueRequired\":true,\"valueName\":\"search_term_string\"}}],\"inLanguage\":\"en-GB\"},{\"@type\":\"Organization\",\"@id\":\"https:\\\/\\\/vhaji.cz\\\/#organization\",\"name\":\"Lesn\u00ed sauna H\u00e1j\",\"url\":\"https:\\\/\\\/vhaji.cz\\\/\",\"logo\":{\"@type\":\"ImageObject\",\"inLanguage\":\"en-GB\",\"@id\":\"https:\\\/\\\/vhaji.cz\\\/#\\\/schema\\\/logo\\\/image\\\/\",\"url\":\"https:\\\/\\\/vhaji.cz\\\/wp-content\\\/uploads\\\/2020\\\/11\\\/Vrstvas_1.png\",\"contentUrl\":\"https:\\\/\\\/vhaji.cz\\\/wp-content\\\/uploads\\\/2020\\\/11\\\/Vrstvas_1.png\",\"width\":78,\"height\":110,\"caption\":\"Lesn\u00ed sauna H\u00e1j\"},\"image\":{\"@id\":\"https:\\\/\\\/vhaji.cz\\\/#\\\/schema\\\/logo\\\/image\\\/\"}}]}<\/script>\n<!-- \/ Yoast SEO plugin. -->","yoast_head_json":{"title":"Na vln\u011b dechu a rytmu - Lesn\u00ed sauna H\u00e1j","description":"Za\u017eijte holotropn\u00ed d\u00fdch\u00e1n\u00ed za doprovodu \u017eiv\u00e9 hudby. Intenzivn\u00ed t\u0159\u00edhodinov\u00e9 setk\u00e1n\u00ed pro uvoln\u011bn\u00ed nap\u011bt\u00ed, pr\u00e1ci s emocemi a hlub\u0161\u00ed kontakt se sebou sam\u00fdm.","robots":{"index":"index","follow":"follow","max-snippet":"max-snippet:-1","max-image-preview":"max-image-preview:large","max-video-preview":"max-video-preview:-1"},"canonical":"https:\/\/vhaji.cz\/en\/event\/na-vlne-dechu-a-rytmu\/","og_locale":"en_GB","og_type":"article","og_title":"Na vln\u011b dechu a rytmu - Lesn\u00ed sauna H\u00e1j","og_description":"Za\u017eijte holotropn\u00ed d\u00fdch\u00e1n\u00ed za doprovodu \u017eiv\u00e9 hudby. Intenzivn\u00ed t\u0159\u00edhodinov\u00e9 setk\u00e1n\u00ed pro uvoln\u011bn\u00ed nap\u011bt\u00ed, pr\u00e1ci s emocemi a hlub\u0161\u00ed kontakt se sebou sam\u00fdm.","og_url":"https:\/\/vhaji.cz\/en\/event\/na-vlne-dechu-a-rytmu\/","og_site_name":"Lesn\u00ed sauna H\u00e1j","article_modified_time":"2026-03-23T14:28:16+00:00","og_image":[{"width":960,"height":540,"url":"https:\/\/vhaji.cz\/wp-content\/uploads\/2026\/03\/1016294_500203896734463_1335876123_nn.jpg","type":"image\/jpeg"}],"twitter_card":"summary_large_image","twitter_misc":{"Estimated reading time":"2 minutes"},"schema":{"@context":"https:\/\/schema.org","@graph":[{"@type":"WebPage","@id":"https:\/\/vhaji.cz\/event\/na-vlne-dechu-a-rytmu\/","url":"https:\/\/vhaji.cz\/event\/na-vlne-dechu-a-rytmu\/","name":"Na vln\u011b dechu a rytmu - Lesn\u00ed sauna H\u00e1j","isPartOf":{"@id":"https:\/\/vhaji.cz\/#website"},"primaryImageOfPage":{"@id":"https:\/\/vhaji.cz\/event\/na-vlne-dechu-a-rytmu\/#primaryimage"},"image":{"@id":"https:\/\/vhaji.cz\/event\/na-vlne-dechu-a-rytmu\/#primaryimage"},"thumbnailUrl":"https:\/\/vhaji.cz\/wp-content\/uploads\/2026\/03\/1016294_500203896734463_1335876123_nn.jpg","datePublished":"2026-03-16T15:30:42+00:00","dateModified":"2026-03-23T14:28:16+00:00","description":"Za\u017eijte holotropn\u00ed d\u00fdch\u00e1n\u00ed za doprovodu \u017eiv\u00e9 hudby. Intenzivn\u00ed t\u0159\u00edhodinov\u00e9 setk\u00e1n\u00ed pro uvoln\u011bn\u00ed nap\u011bt\u00ed, pr\u00e1ci s emocemi a hlub\u0161\u00ed kontakt se sebou sam\u00fdm.","breadcrumb":{"@id":"https:\/\/vhaji.cz\/event\/na-vlne-dechu-a-rytmu\/#breadcrumb"},"inLanguage":"en-GB","potentialAction":[{"@type":"ReadAction","target":["https:\/\/vhaji.cz\/event\/na-vlne-dechu-a-rytmu\/"]}]},{"@type":"ImageObject","inLanguage":"en-GB","@id":"https:\/\/vhaji.cz\/event\/na-vlne-dechu-a-rytmu\/#primaryimage","url":"https:\/\/vhaji.cz\/wp-content\/uploads\/2026\/03\/1016294_500203896734463_1335876123_nn.jpg","contentUrl":"https:\/\/vhaji.cz\/wp-content\/uploads\/2026\/03\/1016294_500203896734463_1335876123_nn.jpg","width":960,"height":540},{"@type":"BreadcrumbList","@id":"https:\/\/vhaji.cz\/event\/na-vlne-dechu-a-rytmu\/#breadcrumb","itemListElement":[{"@type":"ListItem","position":1,"name":"Dom\u016f","item":"https:\/\/vhaji.cz\/"},{"@type":"ListItem","position":2,"name":"Akce","item":"https:\/\/vhaji.cz\/events\/"},{"@type":"ListItem","position":3,"name":"Na vln\u011b dechu a rytmu"}]},{"@type":"WebSite","@id":"https:\/\/vhaji.cz\/#website","url":"https:\/\/vhaji.cz\/","name":"Lesn\u00ed sauna H\u00e1j","description":"Nab\u00edz\u00edme p\u0159\u00edrodn\u00ed saunov\u00e1n\u00ed v sudov\u00e9 saun\u011b vyt\u00e1p\u011bn\u00e9 d\u0159evem, kter\u00e1 v\u00e1s pohlt\u00ed spolu se zvuky p\u0159\u00edrody.","publisher":{"@id":"https:\/\/vhaji.cz\/#organization"},"potentialAction":[{"@type":"SearchAction","target":{"@type":"EntryPoint","urlTemplate":"https:\/\/vhaji.cz\/?s={search_term_string}"},"query-input":{"@type":"PropertyValueSpecification","valueRequired":true,"valueName":"search_term_string"}}],"inLanguage":"en-GB"},{"@type":"Organization","@id":"https:\/\/vhaji.cz\/#organization","name":"Lesn\u00ed sauna H\u00e1j","url":"https:\/\/vhaji.cz\/","logo":{"@type":"ImageObject","inLanguage":"en-GB","@id":"https:\/\/vhaji.cz\/#\/schema\/logo\/image\/","url":"https:\/\/vhaji.cz\/wp-content\/uploads\/2020\/11\/Vrstvas_1.png","contentUrl":"https:\/\/vhaji.cz\/wp-content\/uploads\/2020\/11\/Vrstvas_1.png","width":78,"height":110,"caption":"Lesn\u00ed sauna H\u00e1j"},"image":{"@id":"https:\/\/vhaji.cz\/#\/schema\/logo\/image\/"}}]}},"ticketed":["rsvp"],"_links":{"self":[{"href":"https:\/\/vhaji.cz\/en\/wp-json\/wp\/v2\/tribe_events\/1740","targetHints":{"allow":["GET"]}}],"collection":[{"href":"https:\/\/vhaji.cz\/en\/wp-json\/wp\/v2\/tribe_events"}],"about":[{"href":"https:\/\/vhaji.cz\/en\/wp-json\/wp\/v2\/types\/tribe_events"}],"author":[{"embeddable":true,"href":"https:\/\/vhaji.cz\/en\/wp-json\/wp\/v2\/users\/1"}],"version-history":[{"count":13,"href":"https:\/\/vhaji.cz\/en\/wp-json\/wp\/v2\/tribe_events\/1740\/revisions"}],"predecessor-version":[{"id":1758,"href":"https:\/\/vhaji.cz\/en\/wp-json\/wp\/v2\/tribe_events\/1740\/revisions\/1758"}],"wp:featuredmedia":[{"embeddable":true,"href":"https:\/\/vhaji.cz\/en\/wp-json\/wp\/v2\/media\/1741"}],"wp:attachment":[{"href":"https:\/\/vhaji.cz\/en\/wp-json\/wp\/v2\/media?parent=1740"}],"wp:term":[{"taxonomy":"post_tag","embeddable":true,"href":"https:\/\/vhaji.cz\/en\/wp-json\/wp\/v2\/tags?post=1740"},{"taxonomy":"tribe_events_cat","embeddable":true,"href":"https:\/\/vhaji.cz\/en\/wp-json\/wp\/v2\/tribe_events_cat?post=1740"}],"curies":[{"name":"wp","href":"https:\/\/api.w.org\/{rel}","templated":true}]}}